{"entities":{"Q1156":{"pageid":1165,"ns":120,"title":"Item:Q1156","lastrevid":3911,"modified":"2024-10-17T09:06:22Z","type":"item","id":"Q1156","labels":{"en":{"language":"en","value":"event"},"ru":{"language":"ru","value":"\u043c\u0435\u0440\u043e\u043f\u0440\u0438\u044f\u0442\u0438\u0435"},"nl":{"language":"nl","value":"evenement"},"hu":{"language":"hu","value":"rendezv\u00e9ny"},"lv":{"language":"lv","value":"pas\u0101kums"},"sk":{"language":"sk","value":"udalos\u0165"},"lt":{"language":"lt","value":"renginys"},"et":{"language":"et","value":"\u00fcritus"},"de":{"language":"de","value":"Veranstaltung"},"fr":{"language":"fr","value":"\u00e9v\u00e9nement"},"pt":{"language":"pt","value":"evento"},"es":{"language":"es","value":"evento"}},"descriptions":{"en":{"language":"en","value":"temporary and scheduled happening, like a conference, festival, competition or similar"},"ru":{"language":"ru","value":"\u0437\u0430\u043f\u043b\u0430\u043d\u0438\u0440\u043e\u0432\u0430\u043d\u043d\u043e\u0435 \u043e\u0431\u0449\u0435\u0441\u0442\u0432\u0435\u043d\u043d\u043e\u0435 \u0441\u043e\u0431\u044b\u0442\u0438\u0435 \u0432 \u043e\u0431\u043b\u0430\u0441\u0442\u0438 \u043d\u0430\u0443\u043a\u0438, \u0438\u0441\u043a\u0443\u0441\u0441\u0442\u0432\u0430, \u0441\u043f\u043e\u0440\u0442\u0430 \u0438 \u0442. \u043f."},"nl":{"language":"nl","value":"tijdelijke en geplande gebeurtenis, zoals een conferentie of festival"},"hu":{"language":"hu","value":"ideiglenes \u00e9s tervezett esem\u00e9ny (id\u0151szaki vagy rendszeres), p\u00e9ld\u00e1ul konferencia, fesztiv\u00e1l, verseny vagy hasonl\u00f3"},"de":{"language":"de","value":"zeitlich begrenztes und geplantes Ereignis, wie eine Konferenz, ein Festival, ein Wettbewerb oder \u00e4hnliches"},"fr":{"language":"fr","value":"\u00e9v\u00e9nement temporaire ou pr\u00e9vu, comme un festival ou une comp\u00e9tition"},"pt":{"language":"pt","value":"evento tempor\u00e1rio e programado, tal como um festival ou uma competi\u00e7\u00e3o (usar com a propriedade: P107 \"tipo de item (GND)\")"},"es":{"language":"es","value":"acontecimiento temporal o previsto, como un conferencia, festival, competici\u00f3n o similar"}},"aliases":{},"claims":{"P89":[{"mainsnak":{"snaktype":"value","property":"P89","hash":"32e640c3b02ec5175b1668a2b33c859d3612051d","datavalue":{"value":"Q1656682","type":"string"},"datatype":"external-id"},"type":"statement","id":"Q1156$B17D397C-5C1B-46CF-BC4D-8DBC580094DB","rank":"normal"}]},"sitelinks":{}}}}