{"entities":{"Q1026":{"pageid":1031,"ns":120,"title":"Item:Q1026","lastrevid":3159,"modified":"2024-10-08T14:49:23Z","type":"item","id":"Q1026","labels":{"en":{"language":"en","value":"neighborhood"},"ru":{"language":"ru","value":"\u043e\u0442\u0434\u0430\u043b\u0451\u043d\u043d\u0430\u044f \u0447\u0430\u0441\u0442\u044c \u0433\u043e\u0440\u043e\u0434\u0430"},"nl":{"language":"nl","value":"buurt of wijk"},"hu":{"language":"hu","value":"negyed"},"lv":{"language":"lv","value":"apkaime"},"sk":{"language":"sk","value":"\u010das\u0165 obce"},"lt":{"language":"lt","value":"mikrorajonas"},"et":{"language":"et","value":"asum"},"de":{"language":"de","value":"Ortsteil"},"fr":{"language":"fr","value":"quartier"},"pt":{"language":"pt","value":"bairro"},"es":{"language":"es","value":"barrio"}},"descriptions":{"en":{"language":"en","value":"geographically localized community within a larger city, town or suburb"},"ru":{"language":"ru","value":"\u0430\u0434\u043c\u0438\u043d\u0438\u0441\u0442\u0440\u0430\u0442\u0438\u0432\u043d\u043e-\u0442\u0435\u0440\u0440\u0438\u0442\u043e\u0440\u0438\u0430\u043b\u044c\u043d\u0430\u044f \u0435\u0434\u0438\u043d\u0438\u0446\u0430 \u0432 \u0441\u043e\u0441\u0442\u0430\u0432\u0435 \u043a\u0440\u0443\u043f\u043d\u043e\u0433\u043e \u0433\u043e\u0440\u043e\u0434\u0430"},"nl":{"language":"nl","value":"geografisch gebied van een dorp of stad dat als een bij elkaar horend geheel wordt ervaren"},"hu":{"language":"hu","value":"v\u00e1roson bel\u00fcli f\u00f6ldrajzi egys\u00e9g"},"et":{"language":"et","value":"linna kindlapiiriliste tunnustega osa"},"de":{"language":"de","value":"geografisch lokalisierte Gemeinschaft innerhalb einer gr\u00f6\u00dferen Stadt, Stadt, Vorstadt oder l\u00e4ndlichen Region"},"fr":{"language":"fr","value":"zone localis\u00e9e d'une petite ville ou d'un grand quartier dans une ville importante"},"pt":{"language":"pt","value":"comunidade delimitada geograficamente dentro de uma vila ou cidade"},"es":{"language":"es","value":"subdivisi\u00f3n de una ciudad, pueblo o parroquia, que cuenta con una identidad propia"}},"aliases":{},"claims":{"P89":[{"mainsnak":{"snaktype":"value","property":"P89","hash":"6c07c6950cc2fc4ba165d535dad943c427b28927","datavalue":{"value":"Q123705","type":"string"},"datatype":"external-id"},"type":"statement","id":"Q1026$717AA7AA-2A65-4487-B1C6-FD8D0EBADC04","rank":"normal"}]},"sitelinks":{}}}}