{"entities":{"P93":{"pageid":181,"ns":122,"title":"Property:P93","lastrevid":565,"modified":"2024-09-25T21:07:43Z","type":"property","datatype":"time","id":"P93","labels":{"en":{"language":"en","value":"work period (start)"},"nl":{"language":"nl","value":"werkperiode (begin)"},"de":{"language":"de","value":"Wirkungsdaten (von)"},"ru":{"language":"ru","value":"\u043d\u0430\u0447\u0430\u043b\u043e \u043f\u0435\u0440\u0438\u043e\u0434\u0430 \u0430\u043a\u0442\u0438\u0432\u043d\u043e\u0441\u0442\u0438"},"hu":{"language":"hu","value":"akt\u00edv id\u0151szak kezdete"},"lv":{"language":"lv","value":"darb\u012bbas perioda s\u0101kums"},"sk":{"language":"sk","value":"pracovn\u00e9 obdobie (za\u010diatok)"},"et":{"language":"et","value":"tegev (alates)"},"fr":{"language":"fr","value":"d\u00e9but de la p\u00e9riode d'activit\u00e9"},"es":{"language":"es","value":"inicio del periodo de actividad"},"pt":{"language":"pt","value":"in\u00edcio do per\u00edodo de atividade"},"lt":{"language":"lt","value":"veiklos laikotarpio prad\u017eia"}},"descriptions":{"en":{"language":"en","value":"start of period during which a person or group flourished (fl. = \"floruit\") in their professional activity"},"nl":{"language":"nl","value":"startdatum van periode dat een persoon of groep werkzaam was"},"de":{"language":"de","value":"Beginn der Wirkungsjahre einer Person oder Gruppe"},"ru":{"language":"ru","value":"\u043d\u0430\u0447\u0430\u043b\u043e \u043f\u0435\u0440\u0438\u043e\u0434\u0430, \u0432 \u043a\u043e\u0442\u043e\u0440\u044b\u0439 \u043f\u0435\u0440\u0441\u043e\u043d\u0430 \u0438\u043b\u0438 \u0433\u0440\u0443\u043f\u043f\u0430 \u043f\u0440\u043e\u0432\u043e\u0434\u0438\u043b\u0430 \u043f\u0440\u043e\u0444\u0435\u0441\u0441\u0438\u043e\u043d\u0430\u043b\u044c\u043d\u0443\u044e \u0430\u043a\u0442\u0438\u0432\u043d\u043e\u0441\u0442\u044c"},"fr":{"language":"fr","value":"d\u00e9but d'une p\u00e9riode durant laquelle une personne ou un groupe ont excell\u00e9 dans leur activit\u00e9 professionnelle"},"es":{"language":"es","value":"comienzo del periodo en el que una persona o grupo destac\u00f3 en su actividad profesional"}},"aliases":{},"claims":{"P5":[{"mainsnak":{"snaktype":"value","property":"P5","hash":"90202c881a616434419bf5a90e2282123c45fa1e","datavalue":{"value":"P2031","type":"string"},"datatype":"string"},"type":"statement","id":"P93$444BFF95-CF75-45E4-9D07-F50909A0D531","rank":"normal"}]}}}}