{"entities":{"P30":{"pageid":25,"ns":122,"title":"Property:P30","lastrevid":70,"modified":"2024-09-25T17:10:37Z","type":"property","datatype":"monolingualtext","id":"P30","labels":{"en":{"language":"en","value":"birth name"},"nl":{"language":"nl","value":"geboortenaam"},"de":{"language":"de","value":"Geburtsname"},"ru":{"language":"ru","value":"\u0438\u043c\u044f \u043f\u0440\u0438 \u0440\u043e\u0436\u0434\u0435\u043d\u0438\u0438"},"bg":{"language":"bg","value":"\u0440\u043e\u0436\u0434\u0435\u043d\u043e \u0438\u043c\u0435"},"hu":{"language":"hu","value":"sz\u00fclet\u00e9si n\u00e9v"},"lv":{"language":"lv","value":"v\u0101rds dzim\u0161anas br\u012bd\u012b"},"sk":{"language":"sk","value":"rodn\u00e9 meno"},"et":{"language":"et","value":"s\u00fcnninimi"},"fr":{"language":"fr","value":"nom de naissance"},"es":{"language":"es","value":"nombre de nacimiento"},"pt":{"language":"pt","value":"nome de nascimento"},"lt":{"language":"lt","value":"gimimo vardas"},"fi":{"language":"fi","value":"syntym\u00e4nimi"},"pl":{"language":"pl","value":"imi\u0119 i nazwisko przy urodzeniu"},"cs":{"language":"cs","value":"jm\u00e9no p\u0159i narozen\u00ed"},"ro":{"language":"ro","value":"nume la na\u0219tere"}},"descriptions":{"en":{"language":"en","value":"full name of a person at birth, if different from their current, generally used name"},"nl":{"language":"nl","value":"naam van de persoon bij geboorte, indien deze afwijkend is van de huidige naam"},"de":{"language":"de","value":"vollst\u00e4ndiger Name bei der Geburt"},"ru":{"language":"ru","value":"\u0435\u0441\u043b\u0438 \u043e\u0442\u043b\u0438\u0447\u0430\u0435\u0442\u0441\u044f \u043e\u0442 \u0442\u0435\u043a\u0443\u0449\u0435\u0433\u043e \u0438\u043c\u0435\u043d\u0438"},"bg":{"language":"bg","value":"\u0438\u043c\u0435 \u043d\u0430 \u0447\u043e\u0432\u0435\u043a \u043f\u0440\u0438 \u0440\u0430\u0436\u0434\u0430\u043d\u0435\u0442\u043e \u043c\u0443, \u0430\u043a\u043e \u0435 \u0440\u0430\u0437\u043b\u0438\u0447\u043d\u043e \u043e\u0442 \u0442\u0435\u043a\u0443\u0449\u043e\u0442\u043e"},"hu":{"language":"hu","value":"sz\u00fclet\u00e9sekor kapott n\u00e9v"},"sk":{"language":"sk","value":"pln\u00e9 meno osoby po naroden\u00ed, ak sa l\u00ed\u0161i od v s\u00fa\u010dasnosti be\u017ene pou\u017e\u00edvan\u00e9ho mena"},"fr":{"language":"fr","value":"nom complet d'une personne \u00e0 la naissance, si diff\u00e9rent de son nom actuel ou connu"},"es":{"language":"es","value":"nombre completo de una persona al nacer, si es diferente de su nombre actual, generalmente utilizado"},"pt":{"language":"pt","value":"nome ao nascer, usado somente se diferente do nome mais usual"},"fi":{"language":"fi","value":"henkil\u00f6n t\u00e4ydellinen nimi syntyess\u00e4"},"pl":{"language":"pl","value":"je\u015bli r\u00f3\u017cni si\u0119 od obecnego imienia lub nazwiska"},"cs":{"language":"cs","value":"pln\u00e9 jm\u00e9no osoby p\u0159i narozen\u00ed  (v origin\u00e1ln\u00edm jazyce), pokud se li\u0161\u00ed od dne\u0161n\u00edho b\u011b\u017en\u011b pou\u017eit\u00e9ho jm\u00e9na"}},"aliases":{},"claims":{"P5":[{"mainsnak":{"snaktype":"value","property":"P5","hash":"303a5972498e7425df5a8b4142042da685a79402","datavalue":{"value":"P1477","type":"string"},"datatype":"string"},"type":"statement","id":"P30$A4461CAA-D806-456A-9D1D-FD1543FA8DD9","rank":"normal"}]}}}}