{"entities":{"P108":{"pageid":586,"ns":122,"title":"Property:P108","lastrevid":1581,"modified":"2024-09-27T20:39:12Z","type":"property","datatype":"wikibase-item","id":"P108","labels":{"en":{"language":"en","value":"capital of"},"nl":{"language":"nl","value":"hoofdplaats van"},"de":{"language":"de","value":"Hauptstadt von"},"ru":{"language":"ru","value":"\u044f\u0432\u043b\u044f\u0435\u0442\u0441\u044f \u0430\u0434\u043c\u0438\u043d\u0438\u0441\u0442\u0440\u0430\u0442\u0438\u0432\u043d\u044b\u043c \u0446\u0435\u043d\u0442\u0440\u043e\u043c"},"hu":{"language":"hu","value":"f\u0151v\u00e1rosa vagy sz\u00e9khelye ennek"},"lv":{"language":"lv","value":"ir administrat\u012bvais centrs"},"sk":{"language":"sk","value":"hlavn\u00e9 s\u00eddlo \u010doho"},"et":{"language":"et","value":"mille keskus"},"fr":{"language":"fr","value":"capitale de"},"es":{"language":"es","value":"capital de"},"pt":{"language":"pt","value":"capital de"},"lt":{"language":"lt","value":"yra sostin\u0117"}},"descriptions":{"en":{"language":"en","value":"country, state, department, canton or other administrative division of which the municipality is the governmental seat"},"nl":{"language":"nl","value":"land, provincie, afdeling, kanton of een andere administratieve afdeling waarvan de gemeente de bestuurlijke zetel is"},"de":{"language":"de","value":"Land, Staat, Kanton oder andere adminstrative Einheit, deren Regierungssitz die Gemeinde ist"},"ru":{"language":"ru","value":"\u0430\u0434\u043c\u0438\u043d\u0438\u0441\u0442\u0440\u0430\u0442\u0438\u0432\u043d\u043e-\u0442\u0435\u0440\u0440\u0438\u0442\u043e\u0440\u0438\u0430\u043b\u044c\u043d\u0430\u044f \u0435\u0434\u0438\u043d\u0438\u0446\u0430, \u043e\u0444\u0438\u0446\u0438\u0430\u043b\u044c\u043d\u044b\u043c \u0433\u043b\u0430\u0432\u043d\u044b\u043c \u043d\u0430\u0441\u0435\u043b\u0451\u043d\u043d\u044b\u043c \u043f\u0443\u043d\u043a\u0442\u043e\u043c \u043a\u043e\u0442\u043e\u0440\u043e\u0439 \u044f\u0432\u043b\u044f\u0435\u0442\u0441\u044f \u0434\u0430\u043d\u043d\u044b\u0439 \u0433\u043e\u0440\u043e\u0434 (\u043c\u0443\u043d\u0438\u0446\u0438\u043f\u0430\u043b\u0438\u0442\u0435\u0442)"},"lv":{"language":"lv","value":"valsts vai administrat\u012bva iedal\u012bjuma vien\u012bba, kurai \u0161\u012b apdz\u012bvot\u0101 vieta ir administrat\u012bvais centrs"},"sk":{"language":"sk","value":"krajiny, \u0161t\u00e1tu, oddelenia, administrat\u00edvnej jednotky, at\u010f"},"et":{"language":"et","value":"riik v\u00f5i haldus\u00fcksus, mille keskus koht on"},"fr":{"language":"fr","value":"entit\u00e9 dont la commune est chef-lieu"},"es":{"language":"es","value":"pa\u00eds, estado, provincia, u otra divisi\u00f3n administrativa, del cual el municipio es sede de gobierno"}},"aliases":{},"claims":{"P5":[{"mainsnak":{"snaktype":"value","property":"P5","hash":"6e7aebf1d24ff72946d67ec2c4d1deea83234c3a","datavalue":{"value":"P1376","type":"string"},"datatype":"string"},"type":"statement","id":"P108$201C61D5-9FD8-41C8-92F2-4FA568FBCAD3","rank":"normal"}]}}}}